{"id":655,"date":"2025-11-11T12:39:30","date_gmt":"2025-11-11T11:39:30","guid":{"rendered":"https:\/\/arblit.com\/privacidad-cookies\/"},"modified":"2025-12-04T12:31:50","modified_gmt":"2025-12-04T11:31:50","slug":"privacidad-cookies","status":"publish","type":"page","link":"https:\/\/arblit.com\/es\/privacidad-cookies\/","title":{"rendered":"PRIVACIDAD &#038; COOKIES"},"content":{"rendered":"\t\t<div data-elementor-type=\"wp-page\" data-elementor-id=\"655\" class=\"elementor elementor-655 elementor-247\" data-elementor-post-type=\"page\">\n\t\t\t\t<div class=\"elementor-element elementor-element-737a381 e-flex e-con-boxed e-con e-parent\" data-id=\"737a381\" data-element_type=\"container\" data-e-type=\"container\">\n\t\t\t\t\t<div class=\"e-con-inner\">\n\t\t<div class=\"elementor-element elementor-element-efc0635 e-con-full e-flex e-con e-child\" data-id=\"efc0635\" data-element_type=\"container\" data-e-type=\"container\">\n\t\t\t\t<div class=\"elementor-element elementor-element-34383eb elementor-widget elementor-widget-text-editor\" data-id=\"34383eb\" data-element_type=\"widget\" data-e-type=\"widget\" data-widget_type=\"text-editor.default\">\n\t\t\t\t\t\t\t\t\t<div class=\"wpb_column vc_column_container vc_col-sm-6\">\n<div class=\"vc_column-inner vc_custom_1537106386432\">\n<div class=\"wpb_wrapper\">\n<div class=\"wpb_text_column wpb_content_element \">\n<div class=\"wpb_wrapper\">\n<p><b><span data-contrast=\"none\">NOTA INFORMATIVA SOBRE EL TRATAMIENTO DE DATOS PERSONALES<\/span><\/b><span data-ccp-props=\"{&quot;134233117&quot;:true,&quot;134233118&quot;:true}\">\u00a0<\/span><\/p>\n<p><a href=\"https:\/\/www.arblit.com\/\"><span data-contrast=\"none\">www.arblit.com<\/span><\/a><span data-ccp-props=\"{&quot;134233117&quot;:true,&quot;134233118&quot;:true}\">\u00a0<\/span><\/p>\n<p><span data-contrast=\"none\">(\u00faltima actualizaci\u00f3n: 25 de marzo de 2019)<\/span><span data-ccp-props=\"{&quot;134233117&quot;:true,&quot;134233118&quot;:true}\">\u00a0<\/span><\/p>\n<p>El presente aviso sobre el tratamiento de datos personales (\u00abAviso\u00bb) se proporciona de conformidad con el art\u00edculo 13, apartado 1, y 14, apartado 1, del Reglamento (UE) 2016\/679 relativo a la protecci\u00f3n de las personas f\u00edsicas en lo que respecta al tratamiento de datos personales y a la libre circulaci\u00f3n de estos datos (RGPD) y del art\u00edculo 13 del d.lgs. n. 196\/2003. El Aviso se dirige a quienes interact\u00faan exclusivamente con este sitio web.<br \/>\nEl presente Aviso solo se aplica a los datos personales recogidos a trav\u00e9s del sitio web www.arblit.com. El Aviso no se aplicar\u00e1 a los datos recogidos a trav\u00e9s de sitios web pertenecientes a terceros, aunque se pueda acceder a dichos sitios web mediante un enlace al que se hace referencia en este sitio web.<br \/>\nEste Aviso contiene toda la informaci\u00f3n necesaria sobre las normas de recolecci\u00f3n y tratamiento de los datos recogidos a trav\u00e9s del sitio web.<\/p>\n<p><b><span data-contrast=\"none\">RESPONSABLE DEL TRATAMIENTO<\/span><\/b><span data-ccp-props=\"{&quot;134233117&quot;:true,&quot;134233118&quot;:true}\"><br \/>\n<\/span><span data-contrast=\"none\">TEl responsable del tratamiento es el Studio legale associato ArbLit \u2013 Radicati di Brozolo Sabatini Benedettelli Torsello, Via Alberto da Giussano 15 \u2013 20146 Mil\u00e1n, email\u00a0<\/span><a href=\"mailto:info@arblit.com\"><span data-contrast=\"none\">info@arblit.com<\/span><\/a><span data-ccp-props=\"{&quot;134233117&quot;:true,&quot;134233118&quot;:true}\">\u00a0<\/span><\/p>\n<p>&nbsp;<\/p>\n<p><b><span data-contrast=\"none\">BASE LEGAL PARA EL TRATAMIENTO<\/span><\/b><span data-ccp-props=\"{&quot;134233117&quot;:true,&quot;134233118&quot;:true}\"><br \/>\n<\/span><span data-contrast=\"none\">La base legal para el tratamiento es el consentimiento. Al declarar que ha le\u00eddo el Aviso, el interesado presta su consentimiento al tratamiento de sus datos.<br \/>\nLas obligaciones contractuales o legales impuestas al responsable del tratamiento pueden constituir una base legal adicional para el tratamiento de determinados datos.<\/span><span data-ccp-props=\"{&quot;134233117&quot;:true,&quot;134233118&quot;:true}\">\u00a0<\/span><\/p>\n<p>&nbsp;<\/p>\n<p><b><span data-contrast=\"none\">DATOS RECOGIDOS<\/span><\/b><span data-ccp-props=\"{&quot;134233117&quot;:true,&quot;134233118&quot;:true}\"><br \/>\n<\/span><span data-contrast=\"none\">Durante la navegaci\u00f3n por este sitio web se pueden recoger datos de distinta naturaleza, bien de forma autom\u00e1tica, bien con el consentimiento del interesado. En concreto, los datos que se recogen a trav\u00e9s de este sitio web son los siguientes:<\/span><\/p>\n<p>&nbsp;<\/p>\n<p><b><span data-contrast=\"none\">Datos t\u00e9cnicos<\/span><\/b><span data-ccp-props=\"{&quot;134233117&quot;:true,&quot;134233118&quot;:true}\">\u00a0<\/span><\/p>\n<ul>\n<li data-leveltext=\"?\" data-font=\"Symbol\" data-listid=\"23\" aria-setsize=\"-1\" data-aria-posinset=\"1\" data-aria-level=\"1\"><span data-contrast=\"none\">Direcci\u00f3n IP (protocolo de Internet)<\/span><span data-ccp-props=\"{}\">\u00a0<\/span><\/li>\n<li data-leveltext=\"?\" data-font=\"Symbol\" data-listid=\"23\" aria-setsize=\"-1\" data-aria-posinset=\"2\" data-aria-level=\"1\"><span data-contrast=\"none\">Fecha y hora de la visita<\/span><span data-ccp-props=\"{}\">\u00a0<\/span><\/li>\n<li data-leveltext=\"?\" data-font=\"Symbol\" data-listid=\"23\" aria-setsize=\"-1\" data-aria-posinset=\"3\" data-aria-level=\"1\"><span data-contrast=\"none\">Navegador utilizado<\/span><span data-ccp-props=\"{}\">\u00a0<\/span><\/li>\n<li data-leveltext=\"?\" data-font=\"Symbol\" data-listid=\"23\" aria-setsize=\"-1\" data-aria-posinset=\"4\" data-aria-level=\"1\"><span data-contrast=\"none\">N\u00famero de clics<\/span><span data-ccp-props=\"{}\">\u00a0<\/span><\/li>\n<li data-leveltext=\"?\" data-font=\"Symbol\" data-listid=\"23\" aria-setsize=\"-1\" data-aria-posinset=\"5\" data-aria-level=\"1\"><span data-contrast=\"none\">Direcci\u00f3n f\u00edsica del dispositivo conectado a Internet (es decir, direcci\u00f3n MAC)<\/span><span data-ccp-props=\"{}\">\u00a0<\/span><\/li>\n<li data-leveltext=\"?\" data-font=\"Symbol\" data-listid=\"23\" aria-setsize=\"-1\" data-aria-posinset=\"6\" data-aria-level=\"1\"><span data-contrast=\"none\">Identificador uniforme de recursos<\/span><span data-ccp-props=\"{}\">\u00a0<\/span><\/li>\n<li data-leveltext=\"?\" data-font=\"Symbol\" data-listid=\"23\" aria-setsize=\"-1\" data-aria-posinset=\"7\" data-aria-level=\"1\"><span data-contrast=\"none\">Cookies<\/span><\/li>\n<\/ul>\n<p><span data-contrast=\"none\">La recolecci\u00f3n de datos t\u00e9cnicos es una consecuencia necesaria del funcionamiento del sitio web y no implica la identificaci\u00f3n del interesado.<\/span><span data-ccp-props=\"{&quot;134233117&quot;:true,&quot;134233118&quot;:true}\">\u00a0<\/span><\/p>\n<p>&nbsp;<\/p>\n<p><b><span data-contrast=\"none\">Cookies<\/span><\/b><span data-ccp-props=\"{&quot;134233117&quot;:true,&quot;134233118&quot;:true}\"><br \/>\n<\/span><span data-contrast=\"none\">Las cookies son archivos de peque\u00f1as dimensiones que se env\u00edan al navegador y se guardan en el terminal del interesado cuando este visita un sitio web. Este sitio web utiliza las siguientes cookies:<br \/>\nEl sitio web no utiliza cookies de perfilado, sino \u00fanicamente cookies t\u00e9cnicas.<br \/>\nLas cookies t\u00e9cnicas son an\u00f3nimas y son necesarias para permitir la navegaci\u00f3n por el sitio web y el uso de todas sus funciones. Adem\u00e1s, agilizan la navegaci\u00f3n por la web, porque, por ejemplo, facilitan algunos procesos cuando se efect\u00faan adquisiciones online, cuando se efect\u00faa el acceso a \u00e1reas de acceso reservado o cuando un sitio web reconoce autom\u00e1ticamente el idioma preferido.<br \/>\nM\u00e1s concretamente, las cookies t\u00e9cnicas utilizadas son:\u00a0<\/span><\/p>\n<ul>\n<li data-leveltext=\"?\" data-font=\"Symbol\" data-listid=\"24\" aria-setsize=\"-1\" data-aria-posinset=\"8\" data-aria-level=\"1\"><span data-contrast=\"none\">Cookies funcionales: estas cookies permiten guardar las opciones de funcionalidad preseleccionadas por el interesado, como el idioma y la zona geogr\u00e1fica.<\/span><span data-ccp-props=\"{}\">\u00a0<\/span><\/li>\n<li data-leveltext=\"?\" data-font=\"Symbol\" data-listid=\"24\" aria-setsize=\"-1\" data-aria-posinset=\"9\" data-aria-level=\"1\"><span data-contrast=\"none\">Cookies de navegaci\u00f3n: estas cookies permiten el correcto funcionamiento del sitio web y la visualizaci\u00f3n de los contenidos de este (por ejemplo, permitiendo la compra de bienes o servicios o el acceso a \u00e1reas reservadas).\u00a0<\/span><span data-ccp-props=\"{}\">\u00a0<\/span><\/li>\n<\/ul>\n<p><span data-contrast=\"none\">Las cookies t\u00e9cnicas estar\u00e1n disponibles una vez que el navegador las elimine de forma autom\u00e1tica, seg\u00fan lo dispuesto por este \u00faltimo.<\/span><span data-ccp-props=\"{&quot;134233117&quot;:true,&quot;134233118&quot;:true}\">\u00a0<\/span><\/p>\n<p>&nbsp;<\/p>\n<p><b><span data-contrast=\"none\">Datos personales<\/span><\/b><span data-ccp-props=\"{&quot;134233117&quot;:true,&quot;134233118&quot;:true}\">\u00a0<\/span><\/p>\n<ul>\n<li><span data-contrast=\"none\">Nombre y apellido<\/span><span data-ccp-props=\"{}\">\u00a0<\/span><\/li>\n<li data-leveltext=\"?\" data-font=\"Symbol\" data-listid=\"25\" aria-setsize=\"-1\" data-aria-posinset=\"11\" data-aria-level=\"1\"><span data-contrast=\"none\">Direcci\u00f3n de correo electr\u00f3nico<\/span><span data-ccp-props=\"{}\">\u00a0<\/span><\/li>\n<li data-leveltext=\"?\" data-font=\"Symbol\" data-listid=\"25\" aria-setsize=\"-1\" data-aria-posinset=\"12\" data-aria-level=\"1\"><span data-contrast=\"none\">N\u00famero de tel\u00e9fono<\/span><span data-ccp-props=\"{}\">\u00a0<\/span><\/li>\n<li data-leveltext=\"?\" data-font=\"Symbol\" data-listid=\"25\" aria-setsize=\"-1\" data-aria-posinset=\"13\" data-aria-level=\"1\"><span data-contrast=\"none\">N\u00famero de identificaci\u00f3n personal<\/span><span data-ccp-props=\"{}\">\u00a0<\/span><\/li>\n<li data-leveltext=\"?\" data-font=\"Symbol\" data-listid=\"25\" aria-setsize=\"-1\" data-aria-posinset=\"14\" data-aria-level=\"1\"><span data-contrast=\"none\">Lugar de residencia o domicilio<\/span><span data-ccp-props=\"{}\">\u00a0<\/span><\/li>\n<\/ul>\n<p><span data-contrast=\"none\">Los datos personales se recogen a trav\u00e9s del sitio web solo si son proporcionados consciente y voluntariamente por los interesados, antes de la prestaci\u00f3n del servicio, a trav\u00e9s del formulario de contacto en la p\u00e1gina de \u00abtrabaja con nosotros\u00bb u otras herramientas electr\u00f3nicas.<br \/>\n<\/span><span data-ccp-props=\"{&quot;134233117&quot;:true,&quot;134233118&quot;:true}\">\u00a0<\/span><\/p>\n<p><span data-ccp-props=\"{&quot;134233117&quot;:true,&quot;134233118&quot;:true}\">\u00a0<\/span><\/p>\n<p><b><span data-contrast=\"none\">RED SOCIAL<\/span><\/b><span data-ccp-props=\"{&quot;134233117&quot;:true,&quot;134233118&quot;:true}\"><br \/>\n<\/span><span data-contrast=\"none\">Este sitio web contiene plug in para las siguientes redes sociales: Google, Facebook, LinkedIn, YouTube. Podr\u00edan activarse cookies si as\u00ed lo dispone la red social, pero solo si el interesado decide voluntariamente utilizar dicho plug in o ha accedido a la red social antes de navegar por este sitio web y la sesi\u00f3n no ha expirado.<\/span><\/p>\n<p>Para el tratamiento de los datos personales recogidos por las redes sociales, tenga en cuenta sus respectivos avisos informativos:<\/p>\n<p>Google Plus\u00a0<a href=\"https:\/\/policies.google.com\/privacy\" target=\"_blank\" rel=\"noopener noreferrer\">https:\/\/policies.google.com\/privacy<\/a><\/p>\n<p>Facebook\u00a0<a href=\"https:\/\/www.facebook.com\/policy.php\" target=\"_blank\" rel=\"noopener noreferrer\">https:\/\/www.facebook.com\/policy.php<\/a><\/p>\n<p>LinkedIn\u00a0<a href=\"https:\/\/www.linkedin.com\/legal\/privacy-policy\" target=\"_blank\" rel=\"noopener noreferrer\">https:\/\/www.linkedin.com\/legal\/privacy-policy<\/a><\/p>\n<p>YouTube\u00a0<a href=\"https:\/\/policies.google.com\/privacy\" target=\"_blank\" rel=\"noopener noreferrer\">https:\/\/policies.google.com\/privacy<\/a><\/p>\n<\/div>\n<p><\/div>\n<p><\/div>\n<p><\/div>\n<p><\/div>\n<p><\/p>\n<div class=\"wpb_column vc_column_container vc_col-sm-6\">\n<div class=\"vc_column-inner vc_custom_1537106398222\">\n<div class=\"wpb_wrapper\">\n<div class=\"wpb_text_column wpb_content_element \">\n<div class=\"wpb_wrapper\">\n<p><b><span data-contrast=\"none\">FINALIDADES DEL TRATAMIENTO<\/span><\/b><span data-ccp-props=\"{&quot;134233117&quot;:true,&quot;134233118&quot;:true}\">\u00a0<\/span><span data-ccp-props=\"{&quot;134233117&quot;:true,&quot;134233118&quot;:true}\"><br \/>\n<\/span><span data-contrast=\"none\">Los datos recogidos se utilizar\u00e1n para:<\/span><span data-ccp-props=\"{&quot;134233117&quot;:true,&quot;134233118&quot;:true}\">\u00a0<\/span><\/p>\n<ul>\n<li data-leveltext=\"?\" data-font=\"Symbol\" data-listid=\"26\" aria-setsize=\"-1\" data-aria-posinset=\"15\" data-aria-level=\"1\"><span data-contrast=\"none\">permitir al interesado solicitar informaci\u00f3n;<\/span><span data-ccp-props=\"{}\">\u00a0<\/span><\/li>\n<li data-leveltext=\"?\" data-font=\"Symbol\" data-listid=\"26\" aria-setsize=\"-1\" data-aria-posinset=\"16\" data-aria-level=\"1\"><span data-contrast=\"none\">permitir que el interesado reciba informaci\u00f3n, ya sea oral o escrita;<\/span><span data-ccp-props=\"{}\">\u00a0<\/span><\/li>\n<li data-leveltext=\"?\" data-font=\"Symbol\" data-listid=\"26\" aria-setsize=\"-1\" data-aria-posinset=\"17\" data-aria-level=\"1\"><span data-contrast=\"none\">ponerse en contacto con el interesado que haya solicitado informaci\u00f3n;<\/span><span data-ccp-props=\"{}\">\u00a0<\/span><\/li>\n<li data-leveltext=\"?\" data-font=\"Symbol\" data-listid=\"26\" aria-setsize=\"-1\" data-aria-posinset=\"18\" data-aria-level=\"1\"><span data-contrast=\"none\">realizar an\u00e1lisis estad\u00edsticos an\u00f3nimos;<\/span><span data-ccp-props=\"{}\">\u00a0<\/span><\/li>\n<li data-leveltext=\"?\" data-font=\"Symbol\" data-listid=\"26\" aria-setsize=\"-1\" data-aria-posinset=\"19\" data-aria-level=\"1\"><span data-contrast=\"none\">proteger los derechos del responsable<br \/>\nde la recolecci\u00f3n.<\/span><span data-ccp-props=\"{}\">\u00a0<\/span><\/li>\n<\/ul>\n<p>&nbsp;<\/p>\n<p><b><span data-contrast=\"none\">NATURALEZA DEL CONSENTIMIENTO<\/span><\/b><span data-ccp-props=\"{&quot;134233117&quot;:true,&quot;134233118&quot;:true}\"><br \/>\n<\/span><span data-contrast=\"none\">El suministro de datos personales es opcional. Si el interesado no facilita sus datos personales, no podr\u00e1 utilizar los servicios ofrecidos a trav\u00e9s de este sitio web, salvo la navegaci\u00f3n.<\/span><span data-ccp-props=\"{&quot;134233117&quot;:true,&quot;134233118&quot;:true}\">\u00a0<\/span><\/p>\n<p>&nbsp;<\/p>\n<p><b><span data-contrast=\"none\">PERIODO DE CONSERVACI\u00d3N DE LOS DATOS PERSONALES<\/span><\/b><span data-ccp-props=\"{&quot;134233117&quot;:true,&quot;134233118&quot;:true}\"><br \/>\n<\/span><span data-contrast=\"none\">Los datos personales del interesado se conservar\u00e1n durante el tiempo necesario para la prestaci\u00f3n del servicio solicitado y\/o para el cumplimiento del contrato firmado con el interesado y\/o para cumplir las obligaciones derivadas de la legislaci\u00f3n aplicable.<\/span><span data-ccp-props=\"{&quot;134233117&quot;:true,&quot;134233118&quot;:true}\">\u00a0<\/span><\/p>\n<p><span data-ccp-props=\"{&quot;134233117&quot;:true,&quot;134233118&quot;:true}\">\u00a0<\/span><\/p>\n<p><b><span data-contrast=\"none\">LUGAR DE TRATAMIENTO<\/span><\/b><span data-ccp-props=\"{&quot;134233117&quot;:true,&quot;134233118&quot;:true}\"><br \/>\n<\/span><span data-contrast=\"none\">Los datos personales de los interesados se tratan en la sede del responsable del tratamiento. Sin embargo, pueden ser transferidos por razones de seguridad a terceros con sede en Italia o en el territorio de la Uni\u00f3n Europea, que ser\u00e1n responsables del tratamiento. El interesado podr\u00e1 ponerse en contacto con la persona o entidad responsable del tratamiento para recabar la informaci\u00f3n necesaria relativa a la transmisi\u00f3n de los datos y a las entidades responsables.<\/span><span data-ccp-props=\"{&quot;134233117&quot;:true,&quot;134233118&quot;:true}\">\u00a0<\/span><\/p>\n<\/div>\n<p><\/div>\n<p><\/div>\n<p><\/div>\n<p><\/div>\n\t\t\t\t\t\t\t\t<\/div>\n\t\t\t\t<\/div>\n\t\t<div class=\"elementor-element elementor-element-c0abd2b e-con-full e-flex e-con e-child\" data-id=\"c0abd2b\" data-element_type=\"container\" data-e-type=\"container\">\n\t\t\t\t<div class=\"elementor-element elementor-element-036946f elementor-widget elementor-widget-text-editor\" data-id=\"036946f\" data-element_type=\"widget\" data-e-type=\"widget\" data-widget_type=\"text-editor.default\">\n\t\t\t\t\t\t\t\t\t<p><b><span data-contrast=\"none\">TRATAMIENTO DE DATOS<\/span><\/b><span data-ccp-props=\"{&quot;134233117&quot;:true,&quot;134233118&quot;:true}\"><br \/>\n<\/span><span data-contrast=\"none\">El tratamiento de los datos se realiza por escrito o por medios electr\u00f3nicos. Los datos facilitados y los dem\u00e1s datos recogidos relacionados con terceros deber\u00e1n ser:<\/span><span data-ccp-props=\"{&quot;134233117&quot;:true,&quot;134233118&quot;:true}\">\u00a0<\/span><\/p>\n<ul>\n<li data-leveltext=\"?\" data-font=\"Symbol\" data-listid=\"27\" aria-setsize=\"-1\" data-aria-posinset=\"20\" data-aria-level=\"1\"><span data-contrast=\"none\">procesados de forma legal y apropiada;<\/span><span data-ccp-props=\"{}\">\u00a0<\/span><\/li>\n<li data-leveltext=\"?\" data-font=\"Symbol\" data-listid=\"27\" aria-setsize=\"-1\" data-aria-posinset=\"21\" data-aria-level=\"1\"><span data-contrast=\"none\">recogidos y registrados con fines determinados, expl\u00edcitos y leg\u00edtimos, y no ser tratados posteriormente de forma incompatible con dichos fines;<\/span><span data-ccp-props=\"{}\">\u00a0<\/span><\/li>\n<li data-leveltext=\"?\" data-font=\"Symbol\" data-listid=\"27\" aria-setsize=\"-1\" data-aria-posinset=\"22\" data-aria-level=\"1\"><span data-contrast=\"none\">exactos o, en todo caso, estar actualizados;<\/span><span data-ccp-props=\"{}\">\u00a0<\/span><\/li>\n<li data-leveltext=\"?\" data-font=\"Symbol\" data-listid=\"27\" aria-setsize=\"-1\" data-aria-posinset=\"23\" data-aria-level=\"1\"><span data-contrast=\"none\">adecuados, completos y limitados a lo necesario en relaci\u00f3n con los fines para los que se recogen o se tratan posteriormente;<\/span><span data-ccp-props=\"{}\">\u00a0<\/span><\/li>\n<li data-leveltext=\"?\" data-font=\"Symbol\" data-listid=\"27\" aria-setsize=\"-1\" data-aria-posinset=\"24\" data-aria-level=\"1\"><span data-contrast=\"none\">conservados en una forma que permita la identificaci\u00f3n de los interesados durante un periodo no superior al necesario para los fines para los que se recogen o tratan.<\/span><span data-ccp-props=\"{}\">\u00a0<\/span><\/li>\n<\/ul>\n<p><span data-ccp-props=\"{&quot;134233117&quot;:true,&quot;134233118&quot;:true}\">\u00a0<\/span><\/p>\n<p><b><span data-contrast=\"none\">MEDIDAS DE SEGURIDAD<\/span><\/b><span data-ccp-props=\"{&quot;134233117&quot;:true,&quot;134233118&quot;:true}\"><br \/>\n<\/span><span data-contrast=\"none\">Se aplican medidas t\u00e9cnicas u organizativas de seguridad espec\u00edficas y adecuadas, de conformidad con el art\u00edculo 32 del RPDG, para minimizar el riesgo de destrucci\u00f3n, p\u00e9rdida, uso il\u00edcito o incorrecto, divulgaci\u00f3n no autorizada de los datos, o de un tratamiento no autorizado o realizado con una finalidad distinta de aquella para la que se han recogido los datos personales.<br \/>\n<\/span><span data-ccp-props=\"{&quot;134233117&quot;:true,&quot;134233118&quot;:true}\">\u00a0<\/span><\/p>\n<p><span data-ccp-props=\"{&quot;134233117&quot;:true,&quot;134233118&quot;:true}\">\u00a0<\/span><\/p>\n<p><b><span data-contrast=\"none\">COMUNICACI\u00d3N Y DIVULGACI\u00d3N DE DATOS PERSONALES<\/span><\/b><span data-ccp-props=\"{&quot;134233117&quot;:true,&quot;134233118&quot;:true}\"><br \/>\n<\/span><span data-contrast=\"none\">Los datos personales facilitados por el interesado se comunicar\u00e1n exclusivamente a terceros cualificados, designados como encargados o responsables del tratamiento, solo si es necesario para la ejecuci\u00f3n del servicio o si lo establece expresamente la ley, garantizando la protecci\u00f3n de los derechos del interesado y el cumplimiento del RPDG y del C\u00f3digo de Privacidad, o a los sujetos que deban ser destinatarios de los datos en virtud de la ley o del RPDG. En particular, los datos personales del interesado podr\u00e1n ser comunicados a:<br \/>\n\u2013 sujetos, organismos o Autoridades que deban ser destinatarios de los datos en virtud de la ley o del RPDG;<br \/>\n\u2013 sujetos, empresas o despachos de abogados que prestan asistencia o asesoramiento jur\u00eddico al responsable del tratamiento por motivos contables, administrativos, fiscales y tributarios.<br \/>\nLa lista de todos los encargados del tratamiento es p\u00fablica, y puede solicitarse al responsable del tratamiento por correo electr\u00f3nico a info@arblit.com.<\/span><span data-ccp-props=\"{&quot;134233117&quot;:true,&quot;134233118&quot;:true}\">\u00a0<\/span><\/p>\n<p><span data-ccp-props=\"{&quot;134233117&quot;:true,&quot;134233118&quot;:true}\">\u00a0<\/span><span data-contrast=\"none\">Sus datos personales no ser\u00e1n revelados.<\/span><span data-ccp-props=\"{&quot;134233117&quot;:true,&quot;134233118&quot;:true}\">\u00a0<\/span><\/p>\n<p>&nbsp;<\/p>\n<p><b><span data-contrast=\"none\">TRANSFERENCIA DE DATOS PERSONALES AL EXTERIOR<\/span><\/b><span data-ccp-props=\"{&quot;134233117&quot;:true,&quot;134233118&quot;:true}\"><br \/>\n<\/span><span data-contrast=\"none\">Los datos personales del interesado no ser\u00e1n transferidos al exterior ni es intenci\u00f3n del responsable del tratamiento hacerlo.<br \/>\nSin embargo, el uso por parte del interesado de plug in sociales y de Google Analytics conllevar\u00e1 la divulgaci\u00f3n de algunos datos recogidos por Google, Facebook, LinkedIn, YouTube. Para la transferencia de dichos datos no es necesario el consentimiento del interesado en virtud de las decisiones de las autoridades italianas y europeas (Decisi\u00f3n n. 1250\/2016 \u2013 Privacy Shield).<\/span><span data-ccp-props=\"{&quot;134233117&quot;:true,&quot;134233118&quot;:true}\">\u00a0<\/span><\/p>\n<p><span data-ccp-props=\"{&quot;134233117&quot;:true,&quot;134233118&quot;:true}\">\u00a0<\/span><\/p>\n<p><b><span data-contrast=\"none\">DERECHOS DEL INTERESADO<\/span><\/b><span data-ccp-props=\"{&quot;134233117&quot;:true,&quot;134233118&quot;:true}\"><br \/>\n<\/span><span data-contrast=\"none\">Los interesados tienen en cualquier momento el derecho a:<\/span><span data-ccp-props=\"{&quot;134233117&quot;:true,&quot;134233118&quot;:true}\">\u00a0<\/span><\/p>\n<ul>\n<li data-leveltext=\"?\" data-font=\"Symbol\" data-listid=\"28\" aria-setsize=\"-1\" data-aria-posinset=\"25\" data-aria-level=\"1\"><span data-contrast=\"none\">retirar el consentimiento para el tratamiento de sus datos personales;<\/span><span data-ccp-props=\"{}\">\u00a0<\/span><\/li>\n<li data-leveltext=\"?\" data-font=\"Symbol\" data-listid=\"28\" aria-setsize=\"-1\" data-aria-posinset=\"26\" data-aria-level=\"1\"><span data-contrast=\"none\">obtener la confirmaci\u00f3n de la existencia de los datos personales que les conciernen y el conocimiento de su contenido y de la fuente de la que proceden los datos, la verificaci\u00f3n de la exactitud de los datos y el derecho a solicitar la integraci\u00f3n o la actualizaci\u00f3n, la rectificaci\u00f3n o la cancelaci\u00f3n de sus datos;<\/span><span data-ccp-props=\"{}\">\u00a0<\/span><\/li>\n<li data-leveltext=\"?\" data-font=\"Symbol\" data-listid=\"28\" aria-setsize=\"-1\" data-aria-posinset=\"27\" data-aria-level=\"1\"><span data-contrast=\"none\">obtener la confirmaci\u00f3n de la existencia de los datos personales que le conciernen y su divulgaci\u00f3n de forma inteligible.<\/span><span data-ccp-props=\"{}\">\u00a0<\/span><\/li>\n<\/ul>\n<p><span data-contrast=\"none\">El interesado tiene derecho a obtener la siguiente informaci\u00f3n:<\/span><span data-ccp-props=\"{&quot;134233117&quot;:true,&quot;134233118&quot;:true}\">\u00a0<\/span><\/p>\n<p><span data-contrast=\"none\">1. La fuente de la que proceden los datos;<\/span><span data-ccp-props=\"{&quot;134233117&quot;:true,&quot;134233118&quot;:true}\">\u00a0<\/span><\/p>\n<p><span data-contrast=\"none\">2. Los fines y las modalidades del tratamiento;<\/span><span data-ccp-props=\"{&quot;134233117&quot;:true,&quot;134233118&quot;:true}\">\u00a0<\/span><\/p>\n<p><span data-contrast=\"none\">3. La l\u00f3gica implicada en el tratamiento autom\u00e1tico;<\/span><span data-ccp-props=\"{&quot;134233117&quot;:true,&quot;134233118&quot;:true}\">\u00a0<\/span><\/p>\n<p><span data-contrast=\"none\">4. La identidad del responsable del tratamiento, de los encargados del tratamiento y del representante designado;<\/span><span data-ccp-props=\"{&quot;134233117&quot;:true,&quot;134233118&quot;:true}\">\u00a0<\/span><\/p>\n<p><span data-contrast=\"none\">5. Sujetos o categor\u00edas de sujetos a los que se pueden comunicar los datos o que pueden ser destinatarios de estos por ser el representante designado, los encargados o responsables del tratamiento;<\/span><span data-ccp-props=\"{&quot;134233117&quot;:true,&quot;134233118&quot;:true}\">\u00a0<\/span><\/p>\n<p><span data-contrast=\"none\">6. La actualizaci\u00f3n, rectificaci\u00f3n o, en su caso, la introducci\u00f3n de informaci\u00f3n adicional;<\/span><span data-ccp-props=\"{&quot;134233117&quot;:true,&quot;134233118&quot;:true}\">\u00a0<\/span><\/p>\n<p><span data-contrast=\"none\">7. La cancelaci\u00f3n, la anonimizaci\u00f3n, la interrupci\u00f3n del tratamiento ilegal de los datos, incluidos los casos en los que el almacenamiento ya no es necesario para los fines para los que los datos han sido recogidos y tratados posteriormente;<\/span><span data-ccp-props=\"{&quot;134233117&quot;:true,&quot;134233118&quot;:true}\">\u00a0<\/span><\/p>\n<p><span data-contrast=\"none\">8. La confirmaci\u00f3n de que la existencia y el contenido de las operaciones previstas en las letras a) y b) anteriores han sido comunicados a todos los que han sido destinatarios de los datos, salvo cuando el suministro de informaci\u00f3n sea imposible o suponga un esfuerzo desproporcionado;<\/span><span data-ccp-props=\"{&quot;134233117&quot;:true,&quot;134233118&quot;:true}\">\u00a0<\/span><\/p>\n<p><span data-contrast=\"none\">9. Cuando el tratamiento se base en el consentimiento del interesado, la confirmaci\u00f3n de los datos facilitados, de forma estructurada y legible por computadora, y en un formato com\u00fanmente utilizado por los dispositivos electr\u00f3nicos.<\/span><span data-ccp-props=\"{&quot;134233117&quot;:true,&quot;134233118&quot;:true}\">\u00a0<\/span><\/p>\n<p><span data-contrast=\"none\">El interesado tiene derecho a oponerse total o parcialmente:<\/span><span data-ccp-props=\"{&quot;134233117&quot;:true,&quot;134233118&quot;:true}\">\u00a0<\/span><\/p>\n<p><span data-contrast=\"none\">1. Al tratamiento de los datos personales que le conciernen, aunque sean tratados para los fines adecuados, por motivos leg\u00edtimos;<\/span><span data-ccp-props=\"{&quot;134233117&quot;:true,&quot;134233118&quot;:true}\">\u00a0<\/span><\/p>\n<p><span data-contrast=\"none\">2. Al tratamiento de los datos personales que le conciernen con fines de marketing, como la publicidad o la venta directa, o para la realizaci\u00f3n de estudios de mercado o comunicaciones comerciales.<\/span><span data-ccp-props=\"{&quot;134233117&quot;:true,&quot;134233118&quot;:true}\">\u00a0<\/span><\/p>\n<p>&nbsp;<\/p>\n<p><span data-contrast=\"none\">Las solicitudes de informaci\u00f3n se enviar\u00e1n al responsable del tratamiento por correo electr\u00f3nico a info@arblit.com o por correo postal, a ArbLit, via Alberto da Giussano 15, 20145 Milano.<\/span><span data-ccp-props=\"{&quot;134233117&quot;:true,&quot;134233118&quot;:true}\">\u00a0<\/span><\/p>\n<p>&nbsp;<\/p>\n<p><span data-contrast=\"none\">El interesado tiene siempre el derecho de presentar una reclamaci\u00f3n ante la Autorit\u00e0 Garante per la protezione dei dati personali (http:\/\/www.garanteprivacy.it\/home\/diritti\/come -agire-per-tutelare-i-nostri-dati-personali)..<\/span><span data-ccp-props=\"{&quot;134233117&quot;:true,&quot;134233118&quot;:true}\">\u00a0<\/span><\/p>\n<p>&nbsp;<\/p>\n<p><b><span data-contrast=\"none\">C\u00d3MO CONTROLAR Y GESTIONAR LA INSTALACI\u00d3N DE COOKIES<\/span><\/b><span data-ccp-props=\"{&quot;134233117&quot;:true,&quot;134233118&quot;:true}\"><br \/>\n<\/span><span data-contrast=\"none\">Puede configurar sus preferencias de cookies directamente en su navegador. Por ejemplo, puede evitar que terceros instalen cookies. Al configurar las preferencias de su navegador, tambi\u00e9n puede eliminar las cookies instaladas anteriormente, incluida la cookie que incluye su consentimiento, en su caso, para la instalaci\u00f3n de cookies por parte de este sitio web. Tenga en cuenta que, al desactivar todas las cookies, el funcionamiento de este sitio web podr\u00eda verse afectado. Puede encontrar m\u00e1s informaci\u00f3n sobre c\u00f3mo gestionar las cookies en los navegadores m\u00e1s comunes en los siguientes enlaces:\u00a0<\/span><a href=\"https:\/\/support.google.com\/chrome\/answer\/95647?hl=it&amp;p=cpn_cookies\" target=\"_blank\" rel=\"noopener\"><span data-contrast=\"none\">Google Chrome<\/span><\/a><span data-contrast=\"none\">,\u00a0<\/span><a href=\"https:\/\/support.mozilla.org\/it\/kb\/Attivare%20e%20disattivare%20i%20cookie?redirectlocale=en-US&amp;redirectslug=Enabling+and+disabling+cookies\" target=\"_blank\" rel=\"noopener\"><span data-contrast=\"none\">Mozilla Firefox<\/span><\/a><span data-contrast=\"none\">,\u00a0<\/span><a href=\"https:\/\/support.apple.com\/kb\/PH19214?viewlocale=it_IT&amp;locale=en_US\" target=\"_blank\" rel=\"noopener\"><span data-contrast=\"none\">Apple Safari<\/span><\/a><span data-contrast=\"none\">,\u00a0<\/span><a href=\"http:\/\/windows.microsoft.com\/it-it\/windows-vista\/block-or-allow-cookies\" target=\"_blank\" rel=\"noopener\"><span data-contrast=\"none\">Microsoft Windows Explorer<\/span><\/a><span data-contrast=\"none\">.<\/span><span data-ccp-props=\"{&quot;134233117&quot;:true,&quot;134233118&quot;:true}\">\u00a0<\/span><\/p>\n<p><span data-contrast=\"none\">Tambi\u00e9n puede visitar el sitio web\u00a0<\/span><a href=\"http:\/\/www.aboutcookies.org\/\" target=\"_blank\" rel=\"noopener\"><span data-contrast=\"none\">http:\/\/www.aboutcookies.org<\/span><\/a><span data-contrast=\"none\">, en ingl\u00e9s, para saber c\u00f3mo gestionar\/eliminar las cookies, seg\u00fan su tipo de navegador.<\/span><\/p>\n\t\t\t\t\t\t\t\t<\/div>\n\t\t\t\t<\/div>\n\t\t\t\t\t<\/div>\n\t\t\t\t<\/div>\n\t\t\t\t<\/div>\n\t\t","protected":false},"excerpt":{"rendered":"<p>NOTA INFORMATIVA SOBRE EL TRATAMIENTO DE DATOS PERSONALES\u00a0 www.arblit.com\u00a0 (\u00faltima actualizaci\u00f3n: 25 de marzo de 2019)\u00a0 El presente aviso sobre el tratamiento de datos personales (\u00abAviso\u00bb) se proporciona de conformidad con el art\u00edculo 13, apartado 1, y 14, apartado 1, del Reglamento (UE) 2016\/679 relativo a la protecci\u00f3n de las personas f\u00edsicas en lo que [&hellip;]<\/p>\n","protected":false},"author":1,"featured_media":0,"parent":0,"menu_order":0,"comment_status":"closed","ping_status":"closed","template":"","meta":{"_acf_changed":false,"footnotes":""},"class_list":["post-655","page","type-page","status-publish","hentry"],"acf":[],"_links":{"self":[{"href":"https:\/\/arblit.com\/es\/wp-json\/wp\/v2\/pages\/655","targetHints":{"allow":["GET"]}}],"collection":[{"href":"https:\/\/arblit.com\/es\/wp-json\/wp\/v2\/pages"}],"about":[{"href":"https:\/\/arblit.com\/es\/wp-json\/wp\/v2\/types\/page"}],"author":[{"embeddable":true,"href":"https:\/\/arblit.com\/es\/wp-json\/wp\/v2\/users\/1"}],"replies":[{"embeddable":true,"href":"https:\/\/arblit.com\/es\/wp-json\/wp\/v2\/comments?post=655"}],"version-history":[{"count":1,"href":"https:\/\/arblit.com\/es\/wp-json\/wp\/v2\/pages\/655\/revisions"}],"predecessor-version":[{"id":656,"href":"https:\/\/arblit.com\/es\/wp-json\/wp\/v2\/pages\/655\/revisions\/656"}],"wp:attachment":[{"href":"https:\/\/arblit.com\/es\/wp-json\/wp\/v2\/media?parent=655"}],"curies":[{"name":"wp","href":"https:\/\/api.w.org\/{rel}","templated":true}]}}